{"id":3421478,"date":"2025-11-26T13:16:14","date_gmt":"2025-11-26T12:16:14","guid":{"rendered":"https:\/\/stockholmsmassan.se\/organizers\/references\/kick-off-and-dinner-at-victoria-hall\/"},"modified":"2026-01-05T13:56:29","modified_gmt":"2026-01-05T12:56:29","slug":"kick-off-dinner-at-victoria-hall","status":"publish","type":"page","link":"https:\/\/stockholmsmassan.se\/en\/create-event\/references\/kick-off-dinner-at-victoria-hall\/","title":{"rendered":"Kick-off and Dinner at the Victoria Hall"},"content":{"rendered":"<p>[et_pb_section fb_built=&#8221;1&#8243; custom_padding_last_edited=&#8221;on|phone&#8221; admin_label=&#8221;Hero&#8221; _builder_version=&#8221;4.24.0&#8243; _module_preset=&#8221;dcffbe7c-d829-4b92-9e28-730b66b1c6df&#8221; custom_margin_tablet=&#8221;&#8221; custom_margin_phone=&#8221;&#8221; custom_margin_last_edited=&#8221;on|phone&#8221; custom_padding_tablet=&#8221;&#8221; custom_padding_phone=&#8221;&#8221; global_colors_info=&#8221;{}&#8221; custom_days_label_text=&#8221;Days&#8221; custom_hours_label_text=&#8221;Hours&#8221; custom_minutes_label_text=&#8221;Minutes&#8221; custom_seconds_label_text=&#8221;Seconds&#8221;][et_pb_row column_structure=&#8221;1_2,1_2&#8243; custom_padding_last_edited=&#8221;on|phone&#8221; _builder_version=&#8221;4.24.0&#8243; _module_preset=&#8221;_initial&#8221; width_tablet=&#8221;100%&#8221; width_phone=&#8221;100%&#8221; custom_margin_tablet=&#8221;&#8221; custom_margin_phone=&#8221;&#8221; custom_margin_last_edited=&#8221;on|phone&#8221; custom_padding=&#8221;0px||0px||true|false&#8221; custom_padding_tablet=&#8221;40px||40px||true|false&#8221; custom_padding_phone=&#8221;40px||40px||true|false&#8221; custom_days_label_text=&#8221;Days&#8221; custom_hours_label_text=&#8221;Hours&#8221; custom_minutes_label_text=&#8221;Minutes&#8221; custom_seconds_label_text=&#8221;Seconds&#8221;][et_pb_column type=&#8221;1_2&#8243; _builder_version=&#8221;4.24.0&#8243; _module_preset=&#8221;default&#8221; custom_padding=&#8221;10%||40px||false|false&#8221; custom_padding_tablet=&#8221;0%|5%|30px|5%|false|true&#8221; custom_padding_phone=&#8221;||26px||false|true&#8221; custom_padding_last_edited=&#8221;on|phone&#8221; global_colors_info=&#8221;{}&#8221; custom_days_label_text=&#8221;Days&#8221; custom_hours_label_text=&#8221;Hours&#8221; custom_minutes_label_text=&#8221;Minutes&#8221; custom_seconds_label_text=&#8221;Seconds&#8221;][et_pb_text _builder_version=&#8221;4.24.3&#8243; _module_preset=&#8221;97a06755-12f6-449b-a85f-985853f9faa2&#8243; max_width_tablet=&#8221;100%&#8221; max_width_phone=&#8221;100%&#8221; max_width_last_edited=&#8221;on|phone&#8221; global_colors_info=&#8221;{}&#8221; custom_days_label_text=&#8221;Days&#8221; custom_hours_label_text=&#8221;Hours&#8221; custom_minutes_label_text=&#8221;Minutes&#8221; custom_seconds_label_text=&#8221;Seconds&#8221;]<\/p>\n<h1>Kick-off and Dinner at the Victoria Hall<\/h1>\n<p>[\/et_pb_text][et_pb_text _builder_version=&#8221;4.27.4&#8243; _module_preset=&#8221;7c76edb1-7fe9-478a-9753-6b58dafa48b7&#8243; global_colors_info=&#8221;{}&#8221; custom_days_label_text=&#8221;Days&#8221; custom_hours_label_text=&#8221;Hours&#8221; custom_minutes_label_text=&#8221;Minutes&#8221; custom_seconds_label_text=&#8221;Seconds&#8221;]<\/p>\n<p>Planning a kick-off and dinner in Stockholm and looking for a venue that combines vibrant energy, creativity and celebration? The Victoria Hall at Stockholmsm\u00e4ssan is one of the venue\u2019s most impressive event spaces \u2013 ideal for companies looking to bring colleagues, clients or partners together in one place. During the 2025 Odontologiska riksst\u00e4mma och Swedental (The Nordic region\u2019s largest meeting place for the dental industry), we at Stockholmsm\u00e4ssan had the pleasure of working together with our partner Adapt to support Creative Meetings and Folktandv\u00e5rden (The Public Dental Service) in delivering their event. The result was an inspiring conference and dinner, followed by two days filled with keynote sessions, networking and a spectacular evening celebration.<\/p>\n<p>&nbsp;<\/p>\n<p>&nbsp;<\/p>\n<p>[\/et_pb_text][\/et_pb_column][et_pb_column type=&#8221;1_2&#8243; _builder_version=&#8221;4.24.0&#8243; _module_preset=&#8221;default&#8221; custom_padding_tablet=&#8221;&#8221; custom_padding_phone=&#8221;||||false|false&#8221; custom_padding_last_edited=&#8221;on|phone&#8221; global_colors_info=&#8221;{}&#8221; custom_days_label_text=&#8221;Days&#8221; custom_hours_label_text=&#8221;Hours&#8221; custom_minutes_label_text=&#8221;Minutes&#8221; custom_seconds_label_text=&#8221;Seconds&#8221;][et_pb_image src=&#8221;https:\/\/stockholmsmassan.se\/wp-content\/uploads\/2025\/11\/folktandvarden-case-referens-middag-kick-off-640x640px.png&#8221; alt=&#8221;Large stage with welcome message for Folktandv\u00e5rden Stockholm\u2019s Autumn Kick-off 2025 in Victoria Hall at Stockholmsm\u00e4ssan&#8221; title_text=&#8221;folktandv\u00e5rden-case-reference-dinner-kick-off-640x640px&#8221; show_bottom_space=&#8221;off&#8221; align=&#8221;right&#8221; force_fullwidth=&#8221;on&#8221; _builder_version=&#8221;4.27.4&#8243; _module_preset=&#8221;default&#8221; background_color=&#8221;#002E77&#8243; global_colors_info=&#8221;{}&#8221; custom_days_label_text=&#8221;Days&#8221; custom_hours_label_text=&#8221;Hours&#8221; custom_minutes_label_text=&#8221;Minutes&#8221; custom_seconds_label_text=&#8221;Seconds&#8221;][\/et_pb_image][\/et_pb_column][\/et_pb_row][\/et_pb_section][et_pb_section fb_built=&#8221;1&#8243; admin_label=&#8221;Text 50\/50&#8243; _builder_version=&#8221;4.27.4&#8243; _module_preset=&#8221;34b06a86-dc81-4983-919e-0fd7f286eb1b&#8221; background_color=&#8221;#FCA89D&#8221; global_colors_info=&#8221;{}&#8221; custom_days_label_text=&#8221;Days&#8221; custom_hours_label_text=&#8221;Hours&#8221; custom_minutes_label_text=&#8221;Minutes&#8221; custom_seconds_label_text=&#8221;Seconds&#8221;][et_pb_row custom_padding_last_edited=&#8221;on|tablet&#8221; _builder_version=&#8221;4.24.0&#8243; _module_preset=&#8221;default&#8221; custom_margin=&#8221;||||false|false&#8221; custom_padding=&#8221;||0px||false|false&#8221; custom_padding_tablet=&#8221;20px||||false|false&#8221; custom_padding_phone=&#8221;20px||||false|false&#8221; locked=&#8221;off&#8221; custom_days_label_text=&#8221;Days&#8221; custom_hours_label_text=&#8221;Hours&#8221; custom_minutes_label_text=&#8221;Minutes&#8221; custom_seconds_label_text=&#8221;Seconds&#8221;][et_pb_column type=&#8221;4_4&#8243; _builder_version=&#8221;4.23.4&#8243; _module_preset=&#8221;default&#8221; global_colors_info=&#8221;{}&#8221; custom_days_label_text=&#8221;Days&#8221; custom_hours_label_text=&#8221;Hours&#8221; custom_minutes_label_text=&#8221;Minutes&#8221; custom_seconds_label_text=&#8221;Seconds&#8221;][et_pb_text _builder_version=&#8221;4.24.2&#8243; _module_preset=&#8221;default&#8221; max_width=&#8221;610px&#8221; max_width_tablet=&#8221;100%&#8221; max_width_phone=&#8221;100%&#8221; global_colors_info=&#8221;{}&#8221; custom_days_label_text=&#8221;Days&#8221; custom_hours_label_text=&#8221;Hours&#8221; custom_minutes_label_text=&#8221;Minutes&#8221; custom_seconds_label_text=&#8221;Seconds&#8221;]<\/p>\n<h2>A Stockholm Event Venue with Stage, Lighting and State-of-the-Art Technology<\/h2>\n<p>[\/et_pb_text][\/et_pb_column][\/et_pb_row][et_pb_row column_structure=&#8221;1_2,1_2&#8243; custom_padding_last_edited=&#8221;on|tablet&#8221; _builder_version=&#8221;4.24.0&#8243; _module_preset=&#8221;default&#8221; custom_padding=&#8221;0px||||false|false&#8221; custom_padding_tablet=&#8221;||0px||false|false&#8221; custom_padding_phone=&#8221;||0px||false|false&#8221; locked=&#8221;off&#8221; custom_days_label_text=&#8221;Days&#8221; custom_hours_label_text=&#8221;Hours&#8221; custom_minutes_label_text=&#8221;Minutes&#8221; custom_seconds_label_text=&#8221;Seconds&#8221;][et_pb_column type=&#8221;1_2&#8243; _builder_version=&#8221;4.24.0&#8243; _module_preset=&#8221;default&#8221; global_colors_info=&#8221;{}&#8221; custom_days_label_text=&#8221;Days&#8221; custom_hours_label_text=&#8221;Hours&#8221; custom_minutes_label_text=&#8221;Minutes&#8221; custom_seconds_label_text=&#8221;Seconds&#8221;][et_pb_text _builder_version=&#8221;4.27.4&#8243; _module_preset=&#8221;default&#8221; max_width=&#8221;610px&#8221; max_width_tablet=&#8221;100%&#8221; max_width_phone=&#8221;100%&#8221; max_width_last_edited=&#8221;on|tablet&#8221; global_colors_info=&#8221;{}&#8221; custom_days_label_text=&#8221;Days&#8221; custom_hours_label_text=&#8221;Hours&#8221; custom_minutes_label_text=&#8221;Minutes&#8221; custom_seconds_label_text=&#8221;Seconds&#8221;]<\/p>\n<p>The Victoria Hall is a flexible venue for large-scale events, accommodating thousands of guests and offering full technical capabilities. The hall is equipped with modern AV solutions and an impressive 18 \u00d7 5 metre LED screen. During Folktandv\u00e5rden\u2019s autumn kick-off, the screen was used for dynamic backdrops, picture-in-picture presentations and multi-camera production, creating a seamless and immersive experience.<\/p>\n<p>We would like to extend our sincere thanks to Creative Meetings, Folktandv\u00e5rden and our partner Adapt for an excellent collaboration.<\/p>\n<p>[\/et_pb_text][\/et_pb_column][et_pb_column type=&#8221;1_2&#8243; _builder_version=&#8221;4.24.0&#8243; _module_preset=&#8221;default&#8221; global_colors_info=&#8221;{}&#8221; custom_days_label_text=&#8221;Days&#8221; custom_hours_label_text=&#8221;Hours&#8221; custom_minutes_label_text=&#8221;Minutes&#8221; custom_seconds_label_text=&#8221;Seconds&#8221;][\/et_pb_column][\/et_pb_row][\/et_pb_section][et_pb_section fb_built=&#8221;1&#8243; admin_label=&#8221;Bild 1\/2 + Text 1\/2&#8243; _builder_version=&#8221;4.24.2&#8243; _module_preset=&#8221;default&#8221; background_color=&#8221;gcid-hnkm362j-crtw-m8j2-xpzq-gn3tj3h68iuz&#8221; custom_padding=&#8221;51px||51px||true|false&#8221; global_colors_info=&#8221;{%22gcid-hnkm362j-crtw-m8j2-xpzq-gn3tj3h68iuz%22:%91%22background_color%22%93}&#8221; custom_days_label_text=&#8221;Days&#8221; custom_hours_label_text=&#8221;Hours&#8221; custom_minutes_label_text=&#8221;Minutes&#8221; custom_seconds_label_text=&#8221;Seconds&#8221;][et_pb_row column_structure=&#8221;1_2,1_2&#8243; make_equal=&#8221;on&#8221; module_class=&#8221;image-text&#8221; _builder_version=&#8221;4.24.0&#8243; _module_preset=&#8221;default&#8221; custom_days_label_text=&#8221;Days&#8221; custom_hours_label_text=&#8221;Hours&#8221; custom_minutes_label_text=&#8221;Minutes&#8221; custom_seconds_label_text=&#8221;Seconds&#8221;][et_pb_column type=&#8221;1_2&#8243; _builder_version=&#8221;4.23.4&#8243; _module_preset=&#8221;default&#8221; global_colors_info=&#8221;{}&#8221; custom_days_label_text=&#8221;Days&#8221; custom_hours_label_text=&#8221;Hours&#8221; custom_minutes_label_text=&#8221;Minutes&#8221; custom_seconds_label_text=&#8221;Seconds&#8221;][et_pb_image src=&#8221;https:\/\/stockholmsmassan.se\/wp-content\/uploads\/2025\/11\/folktandvarden-case-referens-middag-kick-off-stockholmsmassan-victoriahallen-konferens-forelasning-1080x540px.png&#8221; alt=&#8221;Audience attending a health-focused keynote during Folktandv\u00e5rden\u2019s kick-off on the main stage in Victoria Hall at Stockholmsm\u00e4ssan&#8221; title_text=&#8221;folktandv\u00e5rden-case-reference-kick-off-dinner-and-conference-keynote-stockholmsm\u00e4ssan- victoria-hall-1080x540px&#8221; _builder_version=&#8221;4.27.4&#8243; _module_preset=&#8221;default&#8221; global_colors_info=&#8221;{}&#8221; custom_days_label_text=&#8221;Days&#8221; custom_hours_label_text=&#8221;Hours&#8221; custom_minutes_label_text=&#8221;Minutes&#8221; custom_seconds_label_text=&#8221;Seconds&#8221;][\/et_pb_image][\/et_pb_column][et_pb_column type=&#8221;1_2&#8243; _builder_version=&#8221;4.23.4&#8243; _module_preset=&#8221;default&#8221; global_colors_info=&#8221;{}&#8221; custom_days_label_text=&#8221;Days&#8221; custom_hours_label_text=&#8221;Hours&#8221; custom_minutes_label_text=&#8221;Minutes&#8221; custom_seconds_label_text=&#8221;Seconds&#8221;][et_pb_cta title=&#8221;Impressive LED screen \u2013 maximum visual impact&#8221; button_url=&#8221;#&#8221; _builder_version=&#8221;4.27.4&#8243; _module_preset=&#8221;_initial&#8221; global_colors_info=&#8221;{%22gcid-m0fraqv3-qztm-9290-df11-7p07yu2mtcg6%22:%91%22button_text_color%22%93,%22gcid-zqmeyyr1-ozjs-tdol-t9th-kdmdqxufunhr%22:%91%22button_bg_color%22%93,%22gcid-3qvkiclf-cbga-i7f8-1xx5-l82f0oh7yg2p%22:%91%22button_bg_color__hover%22%93}&#8221; button_bg_enable_color__hover=&#8221;on&#8221; custom_days_label_text=&#8221;Days&#8221; custom_hours_label_text=&#8221;Hours&#8221; custom_minutes_label_text=&#8221;Minutes&#8221; custom_seconds_label_text=&#8221;Seconds&#8221;]<\/p>\n<p>Victoria Hall features an impressive 18 \u00d7 5 metre LED screen, offering endless creative possibilities. Shown here during a keynote at Folktandv\u00e5rden\u2019s event, the solution delivered both visual impact and clarity, creating a seamless experience throughout the space.<\/p>\n<p>[\/et_pb_cta][\/et_pb_column][\/et_pb_row][\/et_pb_section][et_pb_section fb_built=&#8221;1&#8243; admin_label=&#8221;Bild 1\/2 + Text 1\/2&#8243; _builder_version=&#8221;4.24.2&#8243; _module_preset=&#8221;default&#8221; background_color=&#8221;gcid-hnkm362j-crtw-m8j2-xpzq-gn3tj3h68iuz&#8221; custom_padding=&#8221;51px||51px||true|false&#8221; global_colors_info=&#8221;{%22gcid-hnkm362j-crtw-m8j2-xpzq-gn3tj3h68iuz%22:%91%22background_color%22%93}&#8221; custom_days_label_text=&#8221;Days&#8221; custom_hours_label_text=&#8221;Hours&#8221; custom_minutes_label_text=&#8221;Minutes&#8221; custom_seconds_label_text=&#8221;Seconds&#8221;][et_pb_row column_structure=&#8221;1_2,1_2&#8243; make_equal=&#8221;on&#8221; module_class=&#8221;image-text&#8221; _builder_version=&#8221;4.24.0&#8243; _module_preset=&#8221;default&#8221; custom_days_label_text=&#8221;Days&#8221; custom_hours_label_text=&#8221;Hours&#8221; custom_minutes_label_text=&#8221;Minutes&#8221; custom_seconds_label_text=&#8221;Seconds&#8221;][et_pb_column type=&#8221;1_2&#8243; _builder_version=&#8221;4.23.4&#8243; _module_preset=&#8221;default&#8221; global_colors_info=&#8221;{}&#8221; custom_days_label_text=&#8221;Days&#8221; custom_hours_label_text=&#8221;Hours&#8221; custom_minutes_label_text=&#8221;Minutes&#8221; custom_seconds_label_text=&#8221;Seconds&#8221;][et_pb_cta title=&#8221;Panel discussion on stage&#8221; button_url=&#8221;#&#8221; _builder_version=&#8221;4.27.4&#8243; _module_preset=&#8221;_initial&#8221; global_colors_info=&#8221;{%22gcid-m0fraqv3-qztm-9290-df11-7p07yu2mtcg6%22:%91%22button_text_color%22%93,%22gcid-zqmeyyr1-ozjs-tdol-t9th-kdmdqxufunhr%22:%91%22button_bg_color%22%93,%22gcid-3qvkiclf-cbga-i7f8-1xx5-l82f0oh7yg2p%22:%91%22button_bg_color__hover%22%93}&#8221; button_bg_enable_color__hover=&#8221;on&#8221; custom_days_label_text=&#8221;Days&#8221; custom_hours_label_text=&#8221;Hours&#8221; custom_minutes_label_text=&#8221;Minutes&#8221; custom_seconds_label_text=&#8221;Seconds&#8221;]<\/p>\n<p>During the day, panel discussions were hosted live from the main stage in Victoria Hall. Full-screen background visuals, integrated picture-in-picture presentations and multi-camera production were used to create a dynamic and engaging experience. <\/p>\n<p>[\/et_pb_cta][\/et_pb_column][et_pb_column type=&#8221;1_2&#8243; _builder_version=&#8221;4.23.4&#8243; _module_preset=&#8221;default&#8221; global_colors_info=&#8221;{}&#8221; custom_days_label_text=&#8221;Days&#8221; custom_hours_label_text=&#8221;Hours&#8221; custom_minutes_label_text=&#8221;Minutes&#8221; custom_seconds_label_text=&#8221;Seconds&#8221;][et_pb_image src=&#8221;https:\/\/stockholmsmassan.se\/wp-content\/uploads\/2025\/11\/folktandvarden-case-referens-middag-kick-off-stockholmsmassan-victoriahallen-panel-debatt-1080x540px.png&#8221; alt=&#8221;Five speakers in a panel discussion on stage in front of an audience, with a large screen backdrop during a kick-off in Victoria Hall at Stockholmsm\u00e4ssan.&#8221; title_text=&#8221;folktandv\u00e5rden-case-reference-kick-off-dinner-panel-discussion-Stockholmsm\u00e4ssan-victoria-hall-1080x540px&#8221; _builder_version=&#8221;4.27.4&#8243; _module_preset=&#8221;default&#8221; global_colors_info=&#8221;{}&#8221; custom_days_label_text=&#8221;Days&#8221; custom_hours_label_text=&#8221;Hours&#8221; custom_minutes_label_text=&#8221;Minutes&#8221; custom_seconds_label_text=&#8221;Seconds&#8221;][\/et_pb_image][\/et_pb_column][\/et_pb_row][\/et_pb_section][et_pb_section fb_built=&#8221;1&#8243; admin_label=&#8221;Bild 1\/2 + Text 1\/2&#8243; _builder_version=&#8221;4.24.2&#8243; _module_preset=&#8221;default&#8221; background_color=&#8221;gcid-hnkm362j-crtw-m8j2-xpzq-gn3tj3h68iuz&#8221; custom_padding=&#8221;51px||51px||true|false&#8221; global_colors_info=&#8221;{%22gcid-hnkm362j-crtw-m8j2-xpzq-gn3tj3h68iuz%22:%91%22background_color%22%93}&#8221; custom_days_label_text=&#8221;Days&#8221; custom_hours_label_text=&#8221;Hours&#8221; custom_minutes_label_text=&#8221;Minutes&#8221; custom_seconds_label_text=&#8221;Seconds&#8221;][et_pb_row column_structure=&#8221;1_2,1_2&#8243; make_equal=&#8221;on&#8221; module_class=&#8221;image-text&#8221; _builder_version=&#8221;4.24.0&#8243; _module_preset=&#8221;default&#8221; custom_days_label_text=&#8221;Days&#8221; custom_hours_label_text=&#8221;Hours&#8221; custom_minutes_label_text=&#8221;Minutes&#8221; custom_seconds_label_text=&#8221;Seconds&#8221;][et_pb_column type=&#8221;1_2&#8243; _builder_version=&#8221;4.23.4&#8243; _module_preset=&#8221;default&#8221; global_colors_info=&#8221;{}&#8221; custom_days_label_text=&#8221;Days&#8221; custom_hours_label_text=&#8221;Hours&#8221; custom_minutes_label_text=&#8221;Minutes&#8221; custom_seconds_label_text=&#8221;Seconds&#8221;][et_pb_image src=&#8221;https:\/\/stockholmsmassan.se\/wp-content\/uploads\/2025\/11\/folktandvarden-case-referens-middag-kick-off-stockholmsmassan-victoriahallen-1080x540px.png&#8221; alt=&#8221;Live band performing in front of an audience, with a colourful neon stage backdrop and illuminated cocktail tables during a kick-off in Victoria Hall at Stockholmsm\u00e4ssan&#8221; title_text=&#8221;folktandv\u00e5rden-case-reference-kick-off-dinner-panel-discussion-Stockholmsm\u00e4ssan-victoria-hall-1080x540px&#8221; _builder_version=&#8221;4.27.4&#8243; _module_preset=&#8221;default&#8221; global_colors_info=&#8221;{}&#8221; custom_days_label_text=&#8221;Days&#8221; custom_hours_label_text=&#8221;Hours&#8221; custom_minutes_label_text=&#8221;Minutes&#8221; custom_seconds_label_text=&#8221;Seconds&#8221;][\/et_pb_image][\/et_pb_column][et_pb_column type=&#8221;1_2&#8243; _builder_version=&#8221;4.23.4&#8243; _module_preset=&#8221;default&#8221; global_colors_info=&#8221;{}&#8221; custom_days_label_text=&#8221;Days&#8221; custom_hours_label_text=&#8221;Hours&#8221; custom_minutes_label_text=&#8221;Minutes&#8221; custom_seconds_label_text=&#8221;Seconds&#8221;][et_pb_cta title=&#8221;Conference and dinner \u2013 all under one roof&#8221; button_url=&#8221;#&#8221; _builder_version=&#8221;4.27.4&#8243; _module_preset=&#8221;_initial&#8221; global_colors_info=&#8221;{%22gcid-m0fraqv3-qztm-9290-df11-7p07yu2mtcg6%22:%91%22button_text_color%22%93,%22gcid-zqmeyyr1-ozjs-tdol-t9th-kdmdqxufunhr%22:%91%22button_bg_color%22%93,%22gcid-3qvkiclf-cbga-i7f8-1xx5-l82f0oh7yg2p%22:%91%22button_bg_color__hover%22%93}&#8221; button_bg_enable_color__hover=&#8221;on&#8221; custom_days_label_text=&#8221;Days&#8221; custom_hours_label_text=&#8221;Hours&#8221; custom_minutes_label_text=&#8221;Minutes&#8221; custom_seconds_label_text=&#8221;Seconds&#8221;]<\/p>\n<p>One of Victoria Hall\u2019s greatest advantages is the ability to transition seamlessly from a daytime conference to an evening dinner. During the day, the stage hosted panel discussions, keynote sessions and workshops. In the evening, the space was transformed into an elegant banquet hall with live music, a lighting show and a dance floor. This is the ideal solution for organisations looking to bring their entire team together for a complete event experience, with a focus on both networking and enjoyment \u2013 all without the need to change venue.<\/p>\n<p>[\/et_pb_cta][\/et_pb_column][\/et_pb_row][\/et_pb_section][et_pb_section fb_built=&#8221;1&#8243; admin_label=&#8221;Bild 1\/2 + Text 1\/2&#8243; _builder_version=&#8221;4.24.2&#8243; _module_preset=&#8221;default&#8221; background_color=&#8221;gcid-hnkm362j-crtw-m8j2-xpzq-gn3tj3h68iuz&#8221; custom_padding=&#8221;51px||51px||true|false&#8221; global_colors_info=&#8221;{%22gcid-hnkm362j-crtw-m8j2-xpzq-gn3tj3h68iuz%22:%91%22background_color%22%93}&#8221; custom_days_label_text=&#8221;Days&#8221; custom_hours_label_text=&#8221;Hours&#8221; custom_minutes_label_text=&#8221;Minutes&#8221; custom_seconds_label_text=&#8221;Seconds&#8221;][et_pb_row column_structure=&#8221;1_2,1_2&#8243; make_equal=&#8221;on&#8221; module_class=&#8221;image-text&#8221; _builder_version=&#8221;4.24.0&#8243; _module_preset=&#8221;default&#8221; custom_days_label_text=&#8221;Days&#8221; custom_hours_label_text=&#8221;Hours&#8221; custom_minutes_label_text=&#8221;Minutes&#8221; custom_seconds_label_text=&#8221;Seconds&#8221;][et_pb_column type=&#8221;1_2&#8243; _builder_version=&#8221;4.23.4&#8243; _module_preset=&#8221;default&#8221; global_colors_info=&#8221;{}&#8221; custom_days_label_text=&#8221;Days&#8221; custom_hours_label_text=&#8221;Hours&#8221; custom_minutes_label_text=&#8221;Minutes&#8221; custom_seconds_label_text=&#8221;Seconds&#8221;][et_pb_cta title=&#8221;Autumn kick-off, networking and dancing&#8221; button_url=&#8221;#&#8221; _builder_version=&#8221;4.27.4&#8243; _module_preset=&#8221;_initial&#8221; global_colors_info=&#8221;{%22gcid-m0fraqv3-qztm-9290-df11-7p07yu2mtcg6%22:%91%22button_text_color%22%93,%22gcid-zqmeyyr1-ozjs-tdol-t9th-kdmdqxufunhr%22:%91%22button_bg_color%22%93,%22gcid-3qvkiclf-cbga-i7f8-1xx5-l82f0oh7yg2p%22:%91%22button_bg_color__hover%22%93}&#8221; button_bg_enable_color__hover=&#8221;on&#8221; custom_days_label_text=&#8221;Days&#8221; custom_hours_label_text=&#8221;Hours&#8221; custom_minutes_label_text=&#8221;Minutes&#8221; custom_seconds_label_text=&#8221;Seconds&#8221;]<\/p>\n<p>Victoria Hall is designed to transform seamlessly \u2013 from a conference venue to an evening event space in just a few hours. The hall accommodates dinner, networking and dancing, complete with stage, lighting and sound. Folktandv\u00e5rden\u2019s kick-off concluded with a live band and dancing, bringing the evening to a memorable close.  <\/p>\n<p>[\/et_pb_cta][\/et_pb_column][et_pb_column type=&#8221;1_2&#8243; _builder_version=&#8221;4.23.4&#8243; _module_preset=&#8221;default&#8221; global_colors_info=&#8221;{}&#8221; custom_days_label_text=&#8221;Days&#8221; custom_hours_label_text=&#8221;Hours&#8221; custom_minutes_label_text=&#8221;Minutes&#8221; custom_seconds_label_text=&#8221;Seconds&#8221;][et_pb_image src=&#8221;https:\/\/stockholmsmassan.se\/wp-content\/uploads\/2025\/11\/folktandvarden-case-referens-middag-kick-off-stockholmsmassan-victoriahallen-dans-1080x540px.png&#8221; alt=&#8221;Live band performing in front of an audience, with a colourful neon-lit stage backdrop and illuminated cocktail tables during a kick-off in Victoria Hall at Stockholmsm\u00e4ssan&#8221; title_text=&#8221;folktandv\u00e5rden-case-reference-kick-off-dinner-panel-discussion-Stockholmsm\u00e4ssan-victoria-hall-1080x540px&#8221; _builder_version=&#8221;4.27.4&#8243; _module_preset=&#8221;default&#8221; global_colors_info=&#8221;{}&#8221; custom_days_label_text=&#8221;Days&#8221; custom_hours_label_text=&#8221;Hours&#8221; custom_minutes_label_text=&#8221;Minutes&#8221; custom_seconds_label_text=&#8221;Seconds&#8221;][\/et_pb_image][\/et_pb_column][\/et_pb_row][\/et_pb_section][et_pb_section fb_built=&#8221;1&#8243; _builder_version=&#8221;4.27.4&#8243; _module_preset=&#8221;default&#8221; background_color=&#8221;#002E77&#8243; custom_padding=&#8221;51px||51px||true|false&#8221; global_colors_info=&#8221;{}&#8221; custom_days_label_text=&#8221;Days&#8221; custom_hours_label_text=&#8221;Hours&#8221; custom_minutes_label_text=&#8221;Minutes&#8221; custom_seconds_label_text=&#8221;Seconds&#8221;][et_pb_row _builder_version=&#8221;4.27.4&#8243; _module_preset=&#8221;default&#8221; global_colors_info=&#8221;{}&#8221; custom_days_label_text=&#8221;Days&#8221; custom_hours_label_text=&#8221;Hours&#8221; custom_minutes_label_text=&#8221;Minutes&#8221; custom_seconds_label_text=&#8221;Seconds&#8221;][et_pb_column type=&#8221;4_4&#8243; _builder_version=&#8221;4.27.4&#8243; _module_preset=&#8221;default&#8221; global_colors_info=&#8221;{}&#8221; custom_days_label_text=&#8221;Days&#8221; custom_hours_label_text=&#8221;Hours&#8221; custom_minutes_label_text=&#8221;Minutes&#8221; custom_seconds_label_text=&#8221;Seconds&#8221;][wpforms_selector form_id=&#8221;3392563&#8243; show_title=&#8221;on&#8221; _builder_version=&#8221;4.27.4&#8243; _module_preset=&#8221;default&#8221; global_colors_info=&#8221;{}&#8221; custom_days_label_text=&#8221;Days&#8221; custom_hours_label_text=&#8221;Hours&#8221; custom_minutes_label_text=&#8221;Minutes&#8221; custom_seconds_label_text=&#8221;Seconds&#8221;][\/wpforms_selector][\/et_pb_column][\/et_pb_row][\/et_pb_section][et_pb_section fb_built=&#8221;1&#8243; admin_label=&#8221;Puffar 50\/50&#8243; _builder_version=&#8221;4.27.4&#8243; _module_preset=&#8221;default&#8221; background_color=&#8221;#A9FFE4&#8243; custom_padding=&#8221;51px||51px||true|false&#8221; custom_padding_tablet=&#8221;||0px||false|false&#8221; global_colors_info=&#8221;{}&#8221; custom_days_label_text=&#8221;Days&#8221; custom_hours_label_text=&#8221;Hours&#8221; custom_minutes_label_text=&#8221;Minutes&#8221; custom_seconds_label_text=&#8221;Seconds&#8221;][et_pb_row column_structure=&#8221;1_2,1_2&#8243; custom_padding_last_edited=&#8221;on|phone&#8221; _builder_version=&#8221;4.24.0&#8243; _module_preset=&#8221;default&#8221; custom_padding=&#8221;||14px||false|false&#8221; custom_padding_tablet=&#8221;||14px||false|false&#8221; custom_padding_phone=&#8221;||||false|false&#8221; custom_days_label_text=&#8221;Days&#8221; custom_hours_label_text=&#8221;Hours&#8221; custom_minutes_label_text=&#8221;Minutes&#8221; custom_seconds_label_text=&#8221;Seconds&#8221;][et_pb_column type=&#8221;1_2&#8243; _builder_version=&#8221;4.24.0&#8243; _module_preset=&#8221;default&#8221; custom_padding_tablet=&#8221;&#8221; custom_padding_phone=&#8221;&#8221; custom_padding_last_edited=&#8221;on|phone&#8221; global_colors_info=&#8221;{}&#8221; custom_days_label_text=&#8221;Days&#8221; custom_hours_label_text=&#8221;Hours&#8221; custom_minutes_label_text=&#8221;Minutes&#8221; custom_seconds_label_text=&#8221;Seconds&#8221;][et_pb_text module_class=&#8221;bold-intro-text&#8221; _builder_version=&#8221;4.24.2&#8243; _module_preset=&#8221;d2de1bb5-7871-475a-a7ce-cf892236863b&#8221; text_font=&#8221;LabGrotesque Bold||||||||&#8221; max_width=&#8221;610px&#8221; custom_margin=&#8221;||10px||false|false&#8221; global_colors_info=&#8221;{}&#8221; custom_days_label_text=&#8221;Days&#8221; custom_hours_label_text=&#8221;Hours&#8221; custom_minutes_label_text=&#8221;Minutes&#8221; custom_seconds_label_text=&#8221;Seconds&#8221;]<\/p>\n<h2>More references<\/h2>\n<p>[\/et_pb_text][\/et_pb_column][et_pb_column type=&#8221;1_2&#8243; _builder_version=&#8221;4.23.4&#8243; _module_preset=&#8221;default&#8221; global_colors_info=&#8221;{}&#8221; custom_days_label_text=&#8221;Days&#8221; custom_hours_label_text=&#8221;Hours&#8221; custom_minutes_label_text=&#8221;Minutes&#8221; custom_seconds_label_text=&#8221;Seconds&#8221;][\/et_pb_column][\/et_pb_row][et_pb_row column_structure=&#8221;1_2,1_2&#8243; use_custom_gutter=&#8221;on&#8221; custom_padding_last_edited=&#8221;on|phone&#8221; _builder_version=&#8221;4.24.0&#8243; _module_preset=&#8221;default&#8221; custom_padding_tablet=&#8221;0px||||false|false&#8221; custom_padding_phone=&#8221;0px||||false|false&#8221; custom_days_label_text=&#8221;Days&#8221; custom_hours_label_text=&#8221;Hours&#8221; custom_minutes_label_text=&#8221;Minutes&#8221; custom_seconds_label_text=&#8221;Seconds&#8221;][et_pb_column type=&#8221;1_2&#8243; _builder_version=&#8221;4.27.4&#8243; _module_preset=&#8221;default&#8221; global_colors_info=&#8221;{}&#8221; custom_days_label_text=&#8221;Days&#8221; custom_hours_label_text=&#8221;Hours&#8221; custom_minutes_label_text=&#8221;Minutes&#8221; custom_seconds_label_text=&#8221;Seconds&#8221;][et_pb_blurb title=&#8221;World Tunnel Congress&#8221; url=&#8221;@ET-DC@eyJkeW5hbWljIjp0cnVlLCJjb250ZW50IjoicG9zdF9saW5rX3VybF9wYWdlIiwic2V0dGluZ3MiOnsicG9zdF9pZCI6IjM0MDcyNjAifX0=@&#8221; image=&#8221;https:\/\/stockholmsmassan.se\/wp-content\/uploads\/2025\/10\/world-tunnel-congress-monter-tunnel-workers-stockholmsmassan-1080x540px.png&#8221; alt=&#8221;Exhibition portal with image of three tunnel workers illuminated from behind, standing in a tunnel during the World Tunnel Congress at Stockholmsm\u00e4ssan.&#8221; _builder_version=&#8221;4.27.4&#8243; _dynamic_attributes=&#8221;link_option_url,url&#8221; _module_preset=&#8221;662fd16a-8028-49e0-9678-fc2b8a704e3b&#8221; custom_padding_tablet=&#8221;&#8221; custom_padding_phone=&#8221;&#8221; custom_padding_last_edited=&#8221;on|tablet&#8221; link_option_url=&#8221;@ET-DC@eyJkeW5hbWljIjp0cnVlLCJjb250ZW50IjoicG9zdF9saW5rX3VybF9wYWdlIiwic2V0dGluZ3MiOnsicG9zdF9pZCI6IjM0MDcyNjAifX0=@&#8221; locked=&#8221;off&#8221; global_colors_info=&#8221;{}&#8221; custom_days_label_text=&#8221;Days&#8221; custom_hours_label_text=&#8221;Hours&#8221; custom_minutes_label_text=&#8221;Minutes&#8221; custom_seconds_label_text=&#8221;Seconds&#8221;]<\/p>\n<p>When the World Tunnel Congress was organized in Stockholm in May 2025, Stockholmsm\u00e4ssan was transformed into an international meeting place focusing on the future of underground infrastructure. <\/p>\n<p>[\/et_pb_blurb][\/et_pb_column][et_pb_column type=&#8221;1_2&#8243; _builder_version=&#8221;4.24.0&#8243; _module_preset=&#8221;default&#8221; global_colors_info=&#8221;{}&#8221; custom_days_label_text=&#8221;Days&#8221; custom_hours_label_text=&#8221;Hours&#8221; custom_minutes_label_text=&#8221;Minutes&#8221; custom_seconds_label_text=&#8221;Seconds&#8221;][et_pb_blurb title=&#8221;BIO Europe&#8221; url=&#8221;@ET-DC@eyJkeW5hbWljIjp0cnVlLCJjb250ZW50IjoicG9zdF9saW5rX3VybF9wYWdlIiwic2V0dGluZ3MiOnsicG9zdF9pZCI6IjMzNjQ1NjcifX0=@&#8221; image=&#8221;https:\/\/stockholmsmassan.se\/wp-content\/uploads\/2024\/12\/BIO-europe-stockholmsmassan-1080x540px.png&#8221; alt=&#8221;Minister for Energy and Industry Ebba Busch during the life science conference BIO Europe at Stockholmsm\u00e4ssan&#8221; _builder_version=&#8221;4.27.4&#8243; _dynamic_attributes=&#8221;url,link_option_url&#8221; _module_preset=&#8221;662fd16a-8028-49e0-9678-fc2b8a704e3b&#8221; link_option_url=&#8221;@ET-DC@eyJkeW5hbWljIjp0cnVlLCJjb250ZW50IjoicG9zdF9saW5rX3VybF9wYWdlIiwic2V0dGluZ3MiOnsicG9zdF9pZCI6IjMzNjQ1NjcifX0=@&#8221; locked=&#8221;off&#8221; global_colors_info=&#8221;{}&#8221; custom_days_label_text=&#8221;Days&#8221; custom_hours_label_text=&#8221;Hours&#8221; custom_minutes_label_text=&#8221;Minutes&#8221; custom_seconds_label_text=&#8221;Seconds&#8221;]<\/p>\n<p>Over three days, nearly 5700 delegates from the life sciences sector gathered to participate in the BIO Europe conference &#8211; the premier platform in the world connecting the global biopharma community.<\/p>\n<p>[\/et_pb_blurb][\/et_pb_column][\/et_pb_row][\/et_pb_section]<\/p>\n","protected":false},"excerpt":{"rendered":"<p>Planning a kick-off and dinner in Stockholm and looking for a venue that combines vibrant energy, creativity and celebration? The Victoria Hall at Stockholmsm\u00e4ssan is one of the venue\u2019s most impressive event spaces \u2013 ideal for companies looking to bring colleagues, clients or partners together in one place. <\/p>\n","protected":false},"author":6,"featured_media":3320785,"parent":3314820,"menu_order":0,"comment_status":"closed","ping_status":"closed","template":"","meta":{"_acf_changed":false,"_et_pb_use_builder":"on","_et_pb_old_content":"","_et_gb_content_width":"","footnotes":""},"hf_cat_page":[],"class_list":["post-3421478","page","type-page","status-publish","has-post-thumbnail","hentry"],"acf":[],"_links":{"self":[{"href":"https:\/\/stockholmsmassan.se\/en\/wp-json\/wp\/v2\/pages\/3421478","targetHints":{"allow":["GET"]}}],"collection":[{"href":"https:\/\/stockholmsmassan.se\/en\/wp-json\/wp\/v2\/pages"}],"about":[{"href":"https:\/\/stockholmsmassan.se\/en\/wp-json\/wp\/v2\/types\/page"}],"author":[{"embeddable":true,"href":"https:\/\/stockholmsmassan.se\/en\/wp-json\/wp\/v2\/users\/6"}],"replies":[{"embeddable":true,"href":"https:\/\/stockholmsmassan.se\/en\/wp-json\/wp\/v2\/comments?post=3421478"}],"version-history":[{"count":12,"href":"https:\/\/stockholmsmassan.se\/en\/wp-json\/wp\/v2\/pages\/3421478\/revisions"}],"predecessor-version":[{"id":3421572,"href":"https:\/\/stockholmsmassan.se\/en\/wp-json\/wp\/v2\/pages\/3421478\/revisions\/3421572"}],"up":[{"embeddable":true,"href":"https:\/\/stockholmsmassan.se\/en\/wp-json\/wp\/v2\/pages\/3314820"}],"wp:featuredmedia":[{"embeddable":true,"href":"https:\/\/stockholmsmassan.se\/en\/wp-json\/wp\/v2\/media\/3320785"}],"wp:attachment":[{"href":"https:\/\/stockholmsmassan.se\/en\/wp-json\/wp\/v2\/media?parent=3421478"}],"wp:term":[{"taxonomy":"hf_cat_page","embeddable":true,"href":"https:\/\/stockholmsmassan.se\/en\/wp-json\/wp\/v2\/hf_cat_page?post=3421478"}],"curies":[{"name":"wp","href":"https:\/\/api.w.org\/{rel}","templated":true}]}}